{"id":3326,"date":"2025-03-17T14:16:58","date_gmt":"2025-03-17T18:16:58","guid":{"rendered":"https:\/\/ihamc.cl\/?page_id=3326"},"modified":"2026-03-05T08:18:14","modified_gmt":"2026-03-05T12:18:14","slug":"rectoria","status":"publish","type":"page","link":"https:\/\/ihamc.cl\/index.php\/rectoria\/","title":{"rendered":"Rector\u00eda"},"content":{"rendered":"<p>[et_pb_section fb_built=\u00bb1&#8243; _builder_version=\u00bb4.18.0&#8243; _module_preset=\u00bbdefault\u00bb custom_padding=\u00bb||17px|||\u00bb global_colors_info=\u00bb{}\u00bb][et_pb_row _builder_version=\u00bb4.27.2&#8243; _module_preset=\u00bbdefault\u00bb][et_pb_column _builder_version=\u00bb4.27.2&#8243; _module_preset=\u00bbdefault\u00bb type=\u00bb4_4&#8243;][et_pb_team_member image_url=\u00bbhttps:\/\/ihamc.cl\/wp-content\/uploads\/2026\/03\/IMG_3614-copia-scaled.jpg\u00bb _builder_version=\u00bb4.27.2&#8243; _module_preset=\u00bbdefault\u00bb title_text=\u00bbIMG_3614 &#8211; copia\u00bb border_radii_image=\u00bbon|5px|5px|5px|5px\u00bb box_shadow_style_image=\u00bbpreset1&#8243; box_shadow_style=\u00bbpreset1&#8243; position_last_edited=\u00bboff|desktop\u00bb hover_enabled=\u00bb0&#8243; sticky_enabled=\u00bb0&#8243; custom_padding=\u00bb17px||19px|15px||\u00bb]<\/p>\n<h1><strong><\/strong><\/h1>\n<p><strong><\/strong><\/p>\n<p><strong><\/strong><\/p>\n<p><strong><\/strong><\/p>\n<p><strong><\/strong><\/p>\n<p><strong><\/strong><\/p>\n<p><strong><\/strong><\/p>\n<p><strong><\/strong><\/p>\n<p><strong><\/strong><\/p>\n<p><strong><\/strong><\/p>\n<p>&nbsp;<\/p>\n<h1><strong><\/strong><\/h1>\n<h1><strong><\/strong><\/h1>\n<h1><\/h1>\n<h1><strong>Javiera Alarc\u00f3n Becerra<\/strong><\/h1>\n<h3>Rectora<\/h3>\n<p>[\/et_pb_team_member][\/et_pb_column][\/et_pb_row][et_pb_row _builder_version=\u00bb4.27.2&#8243; _module_preset=\u00bbdefault\u00bb custom_padding=\u00bb||0px|||\u00bb global_colors_info=\u00bb{}\u00bb][et_pb_column type=\u00bb4_4&#8243; _builder_version=\u00bb4.27.2&#8243; _module_preset=\u00bbdefault\u00bb global_colors_info=\u00bb{}\u00bb][et_pb_text _builder_version=\u00bb4.27.2&#8243; _module_preset=\u00bbdefault\u00bb width=\u00bb100%\u00bb custom_padding=\u00bb0px|||8px||\u00bb global_colors_info=\u00bb{}\u00bb]<\/p>\n<h1><strong style=\"font-size: 30px;\">Saludo inicio de a\u00f1o 2026<\/strong><strong><\/strong><\/h1>\n<h1><strong>Rector\u00eda Instituto de Humanidades Antonio Moreno Casamitjana<\/strong><\/h1>\n<p>[\/et_pb_text][\/et_pb_column][\/et_pb_row][\/et_pb_section][et_pb_section fb_built=\u00bb1&#8243; _builder_version=\u00bb4.27.2&#8243; _module_preset=\u00bbdefault\u00bb custom_padding=\u00bb28px|||||\u00bb global_colors_info=\u00bb{}\u00bb][et_pb_row _builder_version=\u00bb4.27.2&#8243; _module_preset=\u00bbdefault\u00bb global_colors_info=\u00bb{}\u00bb][et_pb_column type=\u00bb4_4&#8243; _builder_version=\u00bb4.27.2&#8243; _module_preset=\u00bbdefault\u00bb global_colors_info=\u00bb{}\u00bb][et_pb_text _builder_version=\u00bb4.27.2&#8243; _module_preset=\u00bbdefault\u00bb global_colors_info=\u00bb{}\u00bb]<\/p>\n<p style=\"margin-bottom: 0cm;\"><strong>Querida comunidad educativa:<\/strong><o:p><\/o:p><\/p>\n<p>Iniciamos con gran entusiasmo este a\u00f1o escolar 2026, dispuestos a seguir creciendo como una comunidad que aprende, sue\u00f1a y transforma. Nos inspira nuestro lema pastoral <em>\u201cEducar, Evangelizar y Servir\u201d<\/em> que nos invita a avanzar juntos, con fe, compromiso y alegr\u00eda, siendo luz para los dem\u00e1s y cuidando de nuestra comunidad.<o:p><\/o:p><\/p>\n<p>A nuestras y nuestros estudiantes: \u00a1este es su a\u00f1o para brillar! Los animamos a dar lo mejor de s\u00ed, a confiar en sus talentos y a vivir cada desaf\u00edo con actitud positiva y esp\u00edritu solidario. A las familias, gracias por acompa\u00f1arnos en este camino formativo. A nuestros equipos docentes y asistentes, reconocemos su vocaci\u00f3n y dedicaci\u00f3n al servicio educativo.<o:p><\/o:p><\/p>\n<p>Caminemos unidos, con respeto, empat\u00eda y responsabilidad, construyendo un ambiente donde cada persona se sienta valorada y capaz de alcanzar sus sue\u00f1os.<o:p><\/o:p><\/p>\n<p>\u00a1Bienvenidos al a\u00f1o 2026! Que sea un tiempo lleno de aprendizajes, crecimiento, fe y esperanza.<o:p><\/o:p><\/p>\n<p>[\/et_pb_text][\/et_pb_column][\/et_pb_row][\/et_pb_section]<\/p>\n","protected":false},"excerpt":{"rendered":"<p>&nbsp; Javiera Alarc\u00f3n Becerra RectoraSaludo inicio de a\u00f1o 2026 Rector\u00eda Instituto de Humanidades Antonio Moreno CasamitjanaQuerida comunidad educativa: Iniciamos con gran entusiasmo este a\u00f1o escolar 2026, dispuestos a seguir creciendo como una comunidad que aprende, sue\u00f1a y transforma. Nos inspira nuestro lema pastoral \u201cEducar, Evangelizar y Servir\u201d que nos invita a avanzar juntos, con fe, [&hellip;]<\/p>\n","protected":false},"author":1,"featured_media":0,"parent":0,"menu_order":0,"comment_status":"closed","ping_status":"closed","template":"","meta":{"_et_pb_use_builder":"on","_et_pb_old_content":"","_et_gb_content_width":"","footnotes":""},"class_list":["post-3326","page","type-page","status-publish","hentry"],"_links":{"self":[{"href":"https:\/\/ihamc.cl\/index.php\/wp-json\/wp\/v2\/pages\/3326"}],"collection":[{"href":"https:\/\/ihamc.cl\/index.php\/wp-json\/wp\/v2\/pages"}],"about":[{"href":"https:\/\/ihamc.cl\/index.php\/wp-json\/wp\/v2\/types\/page"}],"author":[{"embeddable":true,"href":"https:\/\/ihamc.cl\/index.php\/wp-json\/wp\/v2\/users\/1"}],"replies":[{"embeddable":true,"href":"https:\/\/ihamc.cl\/index.php\/wp-json\/wp\/v2\/comments?post=3326"}],"version-history":[{"count":6,"href":"https:\/\/ihamc.cl\/index.php\/wp-json\/wp\/v2\/pages\/3326\/revisions"}],"predecessor-version":[{"id":3717,"href":"https:\/\/ihamc.cl\/index.php\/wp-json\/wp\/v2\/pages\/3326\/revisions\/3717"}],"wp:attachment":[{"href":"https:\/\/ihamc.cl\/index.php\/wp-json\/wp\/v2\/media?parent=3326"}],"curies":[{"name":"wp","href":"https:\/\/api.w.org\/{rel}","templated":true}]}}